{"id":5052,"date":"2020-09-24T16:36:37","date_gmt":"2020-09-24T14:36:37","guid":{"rendered":"https:\/\/sanytol.com\/fr\/?page_id=5052"},"modified":"2021-08-26T09:34:23","modified_gmt":"2021-08-26T07:34:23","slug":"notice-legale","status":"publish","type":"page","link":"https:\/\/sanytol.be\/fr\/notice-legale\/","title":{"rendered":"Notice L\u00e9gale"},"content":{"rendered":"\t\t<div data-elementor-type=\"wp-page\" data-elementor-id=\"5052\" class=\"elementor elementor-5052\" data-elementor-post-type=\"page\">\n\t\t\t\t\t\t\t\t\t<section class=\"elementor-section elementor-top-section elementor-element elementor-element-df8c4ce elementor-section-stretched elementor-section-boxed elementor-section-height-default elementor-section-height-default\" data-id=\"df8c4ce\" data-element_type=\"section\" data-settings=\"{&quot;stretch_section&quot;:&quot;section-stretched&quot;,&quot;background_background&quot;:&quot;classic&quot;}\">\n\t\t\t\t\t\t<div class=\"elementor-container elementor-column-gap-default\">\n\t\t\t\t\t<div class=\"elementor-column elementor-col-100 elementor-top-column elementor-element elementor-element-4c15a7c\" data-id=\"4c15a7c\" data-element_type=\"column\">\n\t\t\t<div class=\"elementor-widget-wrap elementor-element-populated\">\n\t\t\t\t\t\t\t\t<div class=\"elementor-element elementor-element-ecf4b7f elementor-widget elementor-widget-heading\" data-id=\"ecf4b7f\" data-element_type=\"widget\" data-widget_type=\"heading.default\">\n\t\t\t\t<div class=\"elementor-widget-container\">\n\t\t\t<h1 class=\"elementor-heading-title elementor-size-default\">AVIS l\u00e9gale<\/h1>\t\t<\/div>\n\t\t\t\t<\/div>\n\t\t\t\t\t<\/div>\n\t\t<\/div>\n\t\t\t\t\t\t\t<\/div>\n\t\t<\/section>\n\t\t\t\t<section class=\"elementor-section elementor-top-section elementor-element elementor-element-a7223a7 elementor-section-boxed elementor-section-height-default elementor-section-height-default\" data-id=\"a7223a7\" data-element_type=\"section\">\n\t\t\t\t\t\t<div class=\"elementor-container elementor-column-gap-default\">\n\t\t\t\t\t<div class=\"elementor-column elementor-col-50 elementor-top-column elementor-element elementor-element-e7bf27e elementor-hidden-phone\" data-id=\"e7bf27e\" data-element_type=\"column\">\n\t\t\t<div class=\"elementor-widget-wrap elementor-element-populated\">\n\t\t\t\t\t\t\t\t<div class=\"elementor-element elementor-element-94ebd5a img-shadow elementor-widget elementor-widget-image\" data-id=\"94ebd5a\" data-element_type=\"widget\" data-widget_type=\"image.default\">\n\t\t\t\t<div class=\"elementor-widget-container\">\n\t\t\t\t\t\t\t\t\t\t\t\t\t\t\t<img decoding=\"async\" width=\"400\" height=\"400\" src=\"https:\/\/sanytol.be\/fr\/wp-content\/uploads\/sites\/6\/2020\/09\/legal_notice.jpg\" class=\"attachment-full size-full wp-image-5369\" alt=\"\" srcset=\"https:\/\/sanytol.be\/fr\/wp-content\/uploads\/sites\/6\/2020\/09\/legal_notice.jpg 400w, https:\/\/sanytol.be\/fr\/wp-content\/uploads\/sites\/6\/2020\/09\/legal_notice-100x100.jpg 100w, https:\/\/sanytol.be\/fr\/wp-content\/uploads\/sites\/6\/2020\/09\/legal_notice-300x300.jpg 300w, https:\/\/sanytol.be\/fr\/wp-content\/uploads\/sites\/6\/2020\/09\/legal_notice-150x150.jpg 150w\" sizes=\"(max-width: 400px) 100vw, 400px\" \/>\t\t\t\t\t\t\t\t\t\t\t\t\t\t\t<\/div>\n\t\t\t\t<\/div>\n\t\t\t\t\t<\/div>\n\t\t<\/div>\n\t\t\t\t<div class=\"elementor-column elementor-col-50 elementor-top-column elementor-element elementor-element-2081b0a\" data-id=\"2081b0a\" data-element_type=\"column\">\n\t\t\t<div class=\"elementor-widget-wrap elementor-element-populated\">\n\t\t\t\t\t\t\t\t<div class=\"elementor-element elementor-element-feca969 elementor-widget elementor-widget-heading\" data-id=\"feca969\" data-element_type=\"widget\" data-widget_type=\"heading.default\">\n\t\t\t\t<div class=\"elementor-widget-container\">\n\t\t\t<h2 class=\"elementor-heading-title elementor-size-default\">Identification du propri\u00e9taire du site web:<\/h2>\t\t<\/div>\n\t\t\t\t<\/div>\n\t\t\t\t<div class=\"elementor-element elementor-element-589a030 elementor-widget elementor-widget-text-editor\" data-id=\"589a030\" data-element_type=\"widget\" data-widget_type=\"text-editor.default\">\n\t\t\t\t<div class=\"elementor-widget-container\">\n\t\t\t\t\t\t\t<p>Le propri\u00e9taire du site web est GRUPO AC MARCA, S.L., titulaire du N.I.F. B-61.711.503. Son si\u00e8ge social se trouve au 293-297, av. Carrilet, 08907 L\u2019Hospitalet de Llobregat (province de Barcelone), Espagne. C\u2019est la soci\u00e9t\u00e9 m\u00e8re de la holding AC Marca.<\/p><p>\u00a0<\/p>\t\t\t\t\t\t<\/div>\n\t\t\t\t<\/div>\n\t\t\t\t<div class=\"elementor-element elementor-element-d0280ce elementor-widget elementor-widget-heading\" data-id=\"d0280ce\" data-element_type=\"widget\" data-widget_type=\"heading.default\">\n\t\t\t\t<div class=\"elementor-widget-container\">\n\t\t\t<h2 class=\"elementor-heading-title elementor-size-default\">Propri\u00e9t\u00e9 intellectuelle et industrielle:<\/h2>\t\t<\/div>\n\t\t\t\t<\/div>\n\t\t\t\t<div class=\"elementor-element elementor-element-385fe96 elementor-widget elementor-widget-text-editor\" data-id=\"385fe96\" data-element_type=\"widget\" data-widget_type=\"text-editor.default\">\n\t\t\t\t<div class=\"elementor-widget-container\">\n\t\t\t\t\t\t\t<p>Le design, les logos, les marques et autres signes distinctifs qui figurent sur le site web appartiennent exclusivement \u00e0 AC Marca et sont prot\u00e9g\u00e9s par les droits de propri\u00e9t\u00e9 intellectuelle et industrielle pertinents.<\/p>\t\t\t\t\t\t<\/div>\n\t\t\t\t<\/div>\n\t\t\t\t<div class=\"elementor-element elementor-element-ef562a0 elementor-widget elementor-widget-heading\" data-id=\"ef562a0\" data-element_type=\"widget\" data-widget_type=\"heading.default\">\n\t\t\t\t<div class=\"elementor-widget-container\">\n\t\t\t<h2 class=\"elementor-heading-title elementor-size-default\">Les liens vers des sites web de tiers:<\/h2>\t\t<\/div>\n\t\t\t\t<\/div>\n\t\t\t\t<div class=\"elementor-element elementor-element-a113c0e elementor-widget elementor-widget-text-editor\" data-id=\"a113c0e\" data-element_type=\"widget\" data-widget_type=\"text-editor.default\">\n\t\t\t\t<div class=\"elementor-widget-container\">\n\t\t\t\t\t\t\t<p>Le site web d&rsquo;AC Marca peut contenir des liens vers des sites web de tiers. AC Marca d\u00e9cline toute responsabilit\u00e9 quant au contenu de ces derniers. Par cons\u00e9quent, tout risque d\u00e9coulant de leur utilisation sera de la seule responsabilit\u00e9 de l&rsquo;utilisateur.<\/p><p>De m\u00eame, AC Marca ne saurait \u00eatre tenu responsable de la l\u00e9galit\u00e9 des sites web de tiers \u00e0 partir desquels le pr\u00e9sent site web est accessible.<\/p>\t\t\t\t\t\t<\/div>\n\t\t\t\t<\/div>\n\t\t\t\t<div class=\"elementor-element elementor-element-6b55dc4 elementor-widget elementor-widget-heading\" data-id=\"6b55dc4\" data-element_type=\"widget\" data-widget_type=\"heading.default\">\n\t\t\t\t<div class=\"elementor-widget-container\">\n\t\t\t<h2 class=\"elementor-heading-title elementor-size-default\">Responsabilit\u00e9 des contenus:<\/h2>\t\t<\/div>\n\t\t\t\t<\/div>\n\t\t\t\t<div class=\"elementor-element elementor-element-f19fdc7 elementor-widget elementor-widget-text-editor\" data-id=\"f19fdc7\" data-element_type=\"widget\" data-widget_type=\"text-editor.default\">\n\t\t\t\t<div class=\"elementor-widget-container\">\n\t\t\t\t\t\t\t<p>En sa qualit\u00e9 de propri\u00e9taire du pr\u00e9sent site web, AC Marca se r\u00e9serve le droit d\u2019y effectuer, sans pr\u00e9avis, des changements servant \u00e0 actualiser son information et, \u00e0 cette fin, d\u2019ajouter, de modifier, de corriger ou d\u2019\u00e9liminer les contenus publi\u00e9s ou leur pr\u00e9sentation.<\/p><p>AC Marca ne saurait \u00eatre tenu responsable de l\u2019utilisation que des tiers font de l\u2019information publi\u00e9e sur le pr\u00e9sent site web, pas plus que des dommages ou des pertes subis par un utilisateur en relation avec l\u2019information contenue sur le pr\u00e9sent site web.<\/p>\t\t\t\t\t\t<\/div>\n\t\t\t\t<\/div>\n\t\t\t\t<div class=\"elementor-element elementor-element-50c01b9 elementor-widget elementor-widget-heading\" data-id=\"50c01b9\" data-element_type=\"widget\" data-widget_type=\"heading.default\">\n\t\t\t\t<div class=\"elementor-widget-container\">\n\t\t\t<h2 class=\"elementor-heading-title elementor-size-default\">Reproduction des contenus:<\/h2>\t\t<\/div>\n\t\t\t\t<\/div>\n\t\t\t\t<div class=\"elementor-element elementor-element-33fd312 elementor-widget elementor-widget-text-editor\" data-id=\"33fd312\" data-element_type=\"widget\" data-widget_type=\"text-editor.default\">\n\t\t\t\t<div class=\"elementor-widget-container\">\n\t\t\t\t\t\t\t<div><p class=\"Default\"><span lang=\"FR\">La reproduction totale ou partielle des contenus publi\u00e9s sur le pr\u00e9sent site est interdite. <\/span><\/p><\/div>\t\t\t\t\t\t<\/div>\n\t\t\t\t<\/div>\n\t\t\t\t<div class=\"elementor-element elementor-element-c270854 elementor-widget elementor-widget-heading\" data-id=\"c270854\" data-element_type=\"widget\" data-widget_type=\"heading.default\">\n\t\t\t\t<div class=\"elementor-widget-container\">\n\t\t\t<h2 class=\"elementor-heading-title elementor-size-default\">Droit applicable:<\/h2>\t\t<\/div>\n\t\t\t\t<\/div>\n\t\t\t\t<div class=\"elementor-element elementor-element-d7a5c04 elementor-widget elementor-widget-text-editor\" data-id=\"d7a5c04\" data-element_type=\"widget\" data-widget_type=\"text-editor.default\">\n\t\t\t\t<div class=\"elementor-widget-container\">\n\t\t\t\t\t\t\t<p>En cas de diff\u00e9rend ou de divergence d\u2019interpr\u00e9tation des dispositions figurant dans le pr\u00e9sent avis juridique et pour toute autre question li\u00e9e aux services du pr\u00e9sent site, le droit applicable est le droit fran\u00e7ais.<\/p>\t\t\t\t\t\t<\/div>\n\t\t\t\t<\/div>\n\t\t\t\t\t<\/div>\n\t\t<\/div>\n\t\t\t\t\t\t\t<\/div>\n\t\t<\/section>\n\t\t\t\t\t\t\t<\/div>\n\t\t","protected":false},"excerpt":{"rendered":"<p>AVIS l\u00e9gale Identification du propri\u00e9taire du site web: Le propri\u00e9taire du site web est GRUPO AC MARCA, S.L., titulaire du N.I.F. B-61.711.503. Son si\u00e8ge social se trouve au 293-297, av. Carrilet, 08907 L\u2019Hospitalet de Llobregat (province de Barcelone), Espagne. C\u2019est la soci\u00e9t\u00e9 m\u00e8re de la holding AC Marca. \u00a0 Propri\u00e9t\u00e9 intellectuelle et industrielle: Le design,&hellip;<\/p>\n","protected":false},"author":1746,"featured_media":0,"parent":0,"menu_order":0,"comment_status":"closed","ping_status":"closed","template":"","meta":{"footnotes":""},"acf":[],"yoast_head":"<!-- This site is optimized with the Yoast SEO plugin v21.4 - https:\/\/yoast.com\/wordpress\/plugins\/seo\/ -->\n<title>Notice L\u00e9gale - Sanytol<\/title>\n<meta name=\"robots\" content=\"index, follow, max-snippet:-1, max-image-preview:large, max-video-preview:-1\" \/>\n<link rel=\"canonical\" href=\"https:\/\/sanytol.be\/fr\/notice-legale\/\" \/>\n<meta property=\"og:locale\" content=\"fr_FR\" \/>\n<meta property=\"og:type\" content=\"article\" \/>\n<meta property=\"og:title\" content=\"Notice L\u00e9gale - Sanytol\" \/>\n<meta property=\"og:description\" content=\"AVIS l\u00e9gale Identification du propri\u00e9taire du site web: Le propri\u00e9taire du site web est GRUPO AC MARCA, S.L., titulaire du N.I.F. B-61.711.503. Son si\u00e8ge social se trouve au 293-297, av. Carrilet, 08907 L\u2019Hospitalet de Llobregat (province de Barcelone), Espagne. C\u2019est la soci\u00e9t\u00e9 m\u00e8re de la holding AC Marca. \u00a0 Propri\u00e9t\u00e9 intellectuelle et industrielle: Le design,&hellip;\" \/>\n<meta property=\"og:url\" content=\"https:\/\/sanytol.be\/fr\/notice-legale\/\" \/>\n<meta property=\"og:site_name\" content=\"Sanytol\" \/>\n<meta property=\"article:modified_time\" content=\"2021-08-26T07:34:23+00:00\" \/>\n<meta property=\"og:image\" content=\"https:\/\/sanytol.be\/fr\/wp-content\/uploads\/sites\/6\/2020\/09\/legal_notice.jpg\" \/>\n<meta name=\"twitter:card\" content=\"summary_large_image\" \/>\n<meta name=\"twitter:label1\" content=\"Dur\u00e9e de lecture estim\u00e9e\" \/>\n\t<meta name=\"twitter:data1\" content=\"2 minutes\" \/>\n<script type=\"application\/ld+json\" class=\"yoast-schema-graph\">{\"@context\":\"https:\/\/schema.org\",\"@graph\":[{\"@type\":\"WebPage\",\"@id\":\"https:\/\/sanytol.be\/fr\/notice-legale\/\",\"url\":\"https:\/\/sanytol.be\/fr\/notice-legale\/\",\"name\":\"Notice L\u00e9gale - Sanytol\",\"isPartOf\":{\"@id\":\"https:\/\/sanytol.be\/fr\/#website\"},\"datePublished\":\"2020-09-24T14:36:37+00:00\",\"dateModified\":\"2021-08-26T07:34:23+00:00\",\"breadcrumb\":{\"@id\":\"https:\/\/sanytol.be\/fr\/notice-legale\/#breadcrumb\"},\"inLanguage\":\"fr-FR\",\"potentialAction\":[{\"@type\":\"ReadAction\",\"target\":[\"https:\/\/sanytol.be\/fr\/notice-legale\/\"]}]},{\"@type\":\"BreadcrumbList\",\"@id\":\"https:\/\/sanytol.be\/fr\/notice-legale\/#breadcrumb\",\"itemListElement\":[{\"@type\":\"ListItem\",\"position\":1,\"name\":\"Home\",\"item\":\"https:\/\/sanytol.be\/fr\/\"},{\"@type\":\"ListItem\",\"position\":2,\"name\":\"Notice L\u00e9gale\"}]},{\"@type\":\"WebSite\",\"@id\":\"https:\/\/sanytol.be\/fr\/#website\",\"url\":\"https:\/\/sanytol.be\/fr\/\",\"name\":\"Sanytol\",\"description\":\"\",\"potentialAction\":[{\"@type\":\"SearchAction\",\"target\":{\"@type\":\"EntryPoint\",\"urlTemplate\":\"https:\/\/sanytol.be\/fr\/?s={search_term_string}\"},\"query-input\":\"required name=search_term_string\"}],\"inLanguage\":\"fr-FR\"}]}<\/script>\n<!-- \/ Yoast SEO plugin. -->","yoast_head_json":{"title":"Notice L\u00e9gale - Sanytol","robots":{"index":"index","follow":"follow","max-snippet":"max-snippet:-1","max-image-preview":"max-image-preview:large","max-video-preview":"max-video-preview:-1"},"canonical":"https:\/\/sanytol.be\/fr\/notice-legale\/","og_locale":"fr_FR","og_type":"article","og_title":"Notice L\u00e9gale - Sanytol","og_description":"AVIS l\u00e9gale Identification du propri\u00e9taire du site web: Le propri\u00e9taire du site web est GRUPO AC MARCA, S.L., titulaire du N.I.F. B-61.711.503. Son si\u00e8ge social se trouve au 293-297, av. Carrilet, 08907 L\u2019Hospitalet de Llobregat (province de Barcelone), Espagne. C\u2019est la soci\u00e9t\u00e9 m\u00e8re de la holding AC Marca. \u00a0 Propri\u00e9t\u00e9 intellectuelle et industrielle: Le design,&hellip;","og_url":"https:\/\/sanytol.be\/fr\/notice-legale\/","og_site_name":"Sanytol","article_modified_time":"2021-08-26T07:34:23+00:00","og_image":[{"url":"https:\/\/sanytol.be\/fr\/wp-content\/uploads\/sites\/6\/2020\/09\/legal_notice.jpg"}],"twitter_card":"summary_large_image","twitter_misc":{"Dur\u00e9e de lecture estim\u00e9e":"2 minutes"},"schema":{"@context":"https:\/\/schema.org","@graph":[{"@type":"WebPage","@id":"https:\/\/sanytol.be\/fr\/notice-legale\/","url":"https:\/\/sanytol.be\/fr\/notice-legale\/","name":"Notice L\u00e9gale - Sanytol","isPartOf":{"@id":"https:\/\/sanytol.be\/fr\/#website"},"datePublished":"2020-09-24T14:36:37+00:00","dateModified":"2021-08-26T07:34:23+00:00","breadcrumb":{"@id":"https:\/\/sanytol.be\/fr\/notice-legale\/#breadcrumb"},"inLanguage":"fr-FR","potentialAction":[{"@type":"ReadAction","target":["https:\/\/sanytol.be\/fr\/notice-legale\/"]}]},{"@type":"BreadcrumbList","@id":"https:\/\/sanytol.be\/fr\/notice-legale\/#breadcrumb","itemListElement":[{"@type":"ListItem","position":1,"name":"Home","item":"https:\/\/sanytol.be\/fr\/"},{"@type":"ListItem","position":2,"name":"Notice L\u00e9gale"}]},{"@type":"WebSite","@id":"https:\/\/sanytol.be\/fr\/#website","url":"https:\/\/sanytol.be\/fr\/","name":"Sanytol","description":"","potentialAction":[{"@type":"SearchAction","target":{"@type":"EntryPoint","urlTemplate":"https:\/\/sanytol.be\/fr\/?s={search_term_string}"},"query-input":"required name=search_term_string"}],"inLanguage":"fr-FR"}]}},"_links":{"self":[{"href":"https:\/\/sanytol.be\/fr\/wp-json\/wp\/v2\/pages\/5052"}],"collection":[{"href":"https:\/\/sanytol.be\/fr\/wp-json\/wp\/v2\/pages"}],"about":[{"href":"https:\/\/sanytol.be\/fr\/wp-json\/wp\/v2\/types\/page"}],"author":[{"embeddable":true,"href":"https:\/\/sanytol.be\/fr\/wp-json\/wp\/v2\/users\/1746"}],"replies":[{"embeddable":true,"href":"https:\/\/sanytol.be\/fr\/wp-json\/wp\/v2\/comments?post=5052"}],"version-history":[{"count":27,"href":"https:\/\/sanytol.be\/fr\/wp-json\/wp\/v2\/pages\/5052\/revisions"}],"predecessor-version":[{"id":8511,"href":"https:\/\/sanytol.be\/fr\/wp-json\/wp\/v2\/pages\/5052\/revisions\/8511"}],"wp:attachment":[{"href":"https:\/\/sanytol.be\/fr\/wp-json\/wp\/v2\/media?parent=5052"}],"curies":[{"name":"wp","href":"https:\/\/api.w.org\/{rel}","templated":true}]}}