{"id":5066,"date":"2020-09-24T17:05:39","date_gmt":"2020-09-24T15:05:39","guid":{"rendered":"https:\/\/sanytol.com\/fr\/?page_id=5066"},"modified":"2021-09-01T12:07:22","modified_gmt":"2021-09-01T10:07:22","slug":"politique-de-confidentialite","status":"publish","type":"page","link":"https:\/\/sanytol.be\/fr\/politique-de-confidentialite\/","title":{"rendered":"Politique de confidentialit\u00e9"},"content":{"rendered":"\t\t<div data-elementor-type=\"wp-page\" data-elementor-id=\"5066\" class=\"elementor elementor-5066\" data-elementor-post-type=\"page\">\n\t\t\t\t\t\t\t\t\t<section class=\"elementor-section elementor-top-section elementor-element elementor-element-769cef64 elementor-section-stretched elementor-section-boxed elementor-section-height-default elementor-section-height-default\" data-id=\"769cef64\" data-element_type=\"section\" data-settings=\"{&quot;stretch_section&quot;:&quot;section-stretched&quot;,&quot;background_background&quot;:&quot;classic&quot;}\">\n\t\t\t\t\t\t<div class=\"elementor-container elementor-column-gap-default\">\n\t\t\t\t\t<div class=\"elementor-column elementor-col-100 elementor-top-column elementor-element elementor-element-240387f3\" data-id=\"240387f3\" data-element_type=\"column\">\n\t\t\t<div class=\"elementor-widget-wrap elementor-element-populated\">\n\t\t\t\t\t\t\t\t<div class=\"elementor-element elementor-element-56a76c3d elementor-widget elementor-widget-heading\" data-id=\"56a76c3d\" data-element_type=\"widget\" data-widget_type=\"heading.default\">\n\t\t\t\t<div class=\"elementor-widget-container\">\n\t\t\t<h1 class=\"elementor-heading-title elementor-size-default\">Politique de confidentialit\u00e9<\/h1>\t\t<\/div>\n\t\t\t\t<\/div>\n\t\t\t\t\t<\/div>\n\t\t<\/div>\n\t\t\t\t\t\t\t<\/div>\n\t\t<\/section>\n\t\t\t\t<section class=\"elementor-section elementor-top-section elementor-element elementor-element-22c241c elementor-section-boxed elementor-section-height-default elementor-section-height-default\" data-id=\"22c241c\" data-element_type=\"section\">\n\t\t\t\t\t\t<div class=\"elementor-container elementor-column-gap-default\">\n\t\t\t\t\t<div class=\"elementor-column elementor-col-50 elementor-top-column elementor-element elementor-element-6632d394 elementor-hidden-phone\" data-id=\"6632d394\" data-element_type=\"column\">\n\t\t\t<div class=\"elementor-widget-wrap elementor-element-populated\">\n\t\t\t\t\t\t\t\t<div class=\"elementor-element elementor-element-4811d293 img-shadow elementor-widget elementor-widget-image\" data-id=\"4811d293\" data-element_type=\"widget\" data-widget_type=\"image.default\">\n\t\t\t\t<div class=\"elementor-widget-container\">\n\t\t\t\t\t\t\t\t\t\t\t\t\t\t\t<img decoding=\"async\" width=\"400\" height=\"400\" src=\"https:\/\/sanytol.be\/fr\/wp-content\/uploads\/sites\/6\/2020\/09\/privacy.jpg\" class=\"attachment-full size-full wp-image-5372\" alt=\"\" srcset=\"https:\/\/sanytol.be\/fr\/wp-content\/uploads\/sites\/6\/2020\/09\/privacy.jpg 400w, https:\/\/sanytol.be\/fr\/wp-content\/uploads\/sites\/6\/2020\/09\/privacy-100x100.jpg 100w, https:\/\/sanytol.be\/fr\/wp-content\/uploads\/sites\/6\/2020\/09\/privacy-300x300.jpg 300w, https:\/\/sanytol.be\/fr\/wp-content\/uploads\/sites\/6\/2020\/09\/privacy-150x150.jpg 150w\" sizes=\"(max-width: 400px) 100vw, 400px\" \/>\t\t\t\t\t\t\t\t\t\t\t\t\t\t\t<\/div>\n\t\t\t\t<\/div>\n\t\t\t\t\t<\/div>\n\t\t<\/div>\n\t\t\t\t<div class=\"elementor-column elementor-col-50 elementor-top-column elementor-element elementor-element-4890f780\" data-id=\"4890f780\" data-element_type=\"column\">\n\t\t\t<div class=\"elementor-widget-wrap elementor-element-populated\">\n\t\t\t\t\t\t\t\t<div class=\"elementor-element elementor-element-bc7a1f1 elementor-widget elementor-widget-text-editor\" data-id=\"bc7a1f1\" data-element_type=\"widget\" data-widget_type=\"text-editor.default\">\n\t\t\t\t<div class=\"elementor-widget-container\">\n\t\t\t\t\t\t\t<div><p class=\"Default\"><span lang=\"FR\">AC Marca souhaite \u00eatre \u00e0 vos c\u00f4t\u00e9s dans votre vie quotidienne, r\u00e9pondre \u00e0 vos demandes et m\u00eame les anticiper afin d\u2019am\u00e9liorer votre qualit\u00e9 de vie par nos produits et par nos services. <\/span><\/p><\/div><div><p class=\"Default\"><span lang=\"FR\">\u00a0<\/span><\/p><\/div><div><p class=\"Default\"><span lang=\"FR\">Notre politique de confidentialit\u00e9 t\u00e9moigne de notre engagement envers la protection des donn\u00e9es personnelles de nos utilisateurs. Nous nous effor\u00e7ons par ailleurs d\u2019introduire des nouveaut\u00e9s dans nos contr\u00f4les en vue d\u2019assurer \u00e0 tous nos utilisateurs une protection accrue de leurs donn\u00e9es personnelles. <\/span><\/p><\/div><div><p class=\"Default\"><span lang=\"FR\">\u00a0<\/span><\/p><\/div><div><p class=\"Default\"><span lang=\"FR\">Conform\u00e9ment au r\u00e8glement g\u00e9n\u00e9ral sur la protection des donn\u00e9es personnelles de l\u2019Union europ\u00e9enne (ci-apr\u00e8s \u00ab\u00a0RGPD\u00a0\u00bb), nous vous informons ci-dessous de notre politique de confidentialit\u00e9. <\/span><\/p><\/div><div><p class=\"Default\"><span lang=\"FR\">\u00a0<\/span><\/p><\/div><div><p class=\"Default\"><span lang=\"FR\">Barcelone (Espagne), le 15 mars 2021<\/span><\/p><\/div><div><p class=\"Default\"><span lang=\"FR\">Grupo AC Marca, S.L.<\/span><\/p><\/div>\t\t\t\t\t\t<\/div>\n\t\t\t\t<\/div>\n\t\t\t\t<div class=\"elementor-element elementor-element-5e037ef elementor-widget elementor-widget-table-of-contents\" data-id=\"5e037ef\" data-element_type=\"widget\" data-settings=\"{&quot;exclude_headings_by_selector&quot;:[],&quot;marker_view&quot;:&quot;bullets&quot;,&quot;icon&quot;:{&quot;value&quot;:&quot;&quot;,&quot;library&quot;:&quot;&quot;},&quot;headings_by_tags&quot;:[&quot;h2&quot;,&quot;h3&quot;,&quot;h4&quot;,&quot;h5&quot;,&quot;h6&quot;],&quot;hierarchical_view&quot;:&quot;yes&quot;,&quot;min_height&quot;:{&quot;unit&quot;:&quot;px&quot;,&quot;size&quot;:&quot;&quot;,&quot;sizes&quot;:[]},&quot;min_height_tablet&quot;:{&quot;unit&quot;:&quot;px&quot;,&quot;size&quot;:&quot;&quot;,&quot;sizes&quot;:[]},&quot;min_height_mobile&quot;:{&quot;unit&quot;:&quot;px&quot;,&quot;size&quot;:&quot;&quot;,&quot;sizes&quot;:[]}}\" data-widget_type=\"table-of-contents.default\">\n\t\t\t\t<div class=\"elementor-widget-container\">\n\t\t\t\t\t<div class=\"elementor-toc__header\">\n\t\t\t<div class=\"elementor-toc__header-title\">\n\t\t\t\tContenu\t\t\t<\/div>\n\t\t\t\t\t<\/div>\n\t\t<div id=\"elementor-toc__5e037ef\" class=\"elementor-toc__body\">\n\t\t\t<div class=\"elementor-toc__spinner-container\">\n\t\t\t\t<i class=\"elementor-toc__spinner eicon-animation-spin eicon-loading\" aria-hidden=\"true\"><\/i>\t\t\t<\/div>\n\t\t<\/div>\n\t\t\t\t<\/div>\n\t\t\t\t<\/div>\n\t\t\t\t<div class=\"elementor-element elementor-element-239ee35e elementor-widget elementor-widget-heading\" data-id=\"239ee35e\" data-element_type=\"widget\" data-widget_type=\"heading.default\">\n\t\t\t\t<div class=\"elementor-widget-container\">\n\t\t\t<h2 class=\"elementor-heading-title elementor-size-default\">1. Responsable du traitement des donn\u00e9es<\/h2>\t\t<\/div>\n\t\t\t\t<\/div>\n\t\t\t\t<div class=\"elementor-element elementor-element-12da678f elementor-widget elementor-widget-text-editor\" data-id=\"12da678f\" data-element_type=\"widget\" data-widget_type=\"text-editor.default\">\n\t\t\t\t<div class=\"elementor-widget-container\">\n\t\t\t\t\t\t\t<p>Identit\u00e9\u00a0: GRUPO AC MARCA S.L.<\/p><p>Adresse postale\u00a0: Av. Carrilet, 293-299. 08907 L\u2019Hospitalet de Llobregat. Barcelona<\/p><p>T\u00e9l\u00e9phone\u00a0: +34 93 260 68 00<\/p><p>Courriel\u00a0: <a href=\"mailto:dpo@acmarca.com\">dpd@grupoacmarca.com<\/a><\/p><p>Les donn\u00e9es personnelles sont contr\u00f4l\u00e9es par GRUPO AC MARCA, S.L., titulaire du N.I.F. n\u00ba B-61.711.503, \u00e9tabli au n\u00ba 293-297 de l\u2019av. Carrilet, 08907 L\u2019Hospitalet de Llobregat (province de Barcelone), Espagne, soci\u00e9t\u00e9 m\u00e8re de la holding AC MARCA.<\/p><p>Par AC Marca s\u2019entend aussi bien GRUPO AC MARCA, S.L. que toute entreprise directement ou indirectement contr\u00f4l\u00e9 par lui. En Espagne, il op\u00e8re via les entit\u00e9s suivantes\u00a0:<\/p><ul><li>AC MARCA HOME CARE, S.A.<\/li><li>AC MARCA ADHESIVES, S.A.<\/li><li>AC MARCA PERSONAL CARE, S.L.<\/li><li>LABORATORIO GENOV\u00c9, S.A.<\/li><li>AC MARCA BRANDS, S.L.<\/li><\/ul><p>Ainsi, la pr\u00e9sente politique de confidentialit\u00e9 s\u2019applique aux donn\u00e9es personnelles collect\u00e9es par les entreprises de AC Marca au sujet de leurs produits et de leurs services.<\/p>\t\t\t\t\t\t<\/div>\n\t\t\t\t<\/div>\n\t\t\t\t<div class=\"elementor-element elementor-element-4b570d2 elementor-widget elementor-widget-heading\" data-id=\"4b570d2\" data-element_type=\"widget\" data-widget_type=\"heading.default\">\n\t\t\t\t<div class=\"elementor-widget-container\">\n\t\t\t<h2 class=\"elementor-heading-title elementor-size-default\">2. Donn\u00e9es collect\u00e9es par AC Marca<\/h2>\t\t<\/div>\n\t\t\t\t<\/div>\n\t\t\t\t<div class=\"elementor-element elementor-element-24dc13fa elementor-widget elementor-widget-text-editor\" data-id=\"24dc13fa\" data-element_type=\"widget\" data-widget_type=\"text-editor.default\">\n\t\t\t\t<div class=\"elementor-widget-container\">\n\t\t\t\t\t\t\t<p>La collecte de donn\u00e9es a pour finalit\u00e9 d\u2019am\u00e9liorer le service que nous proposons \u00e0 tous nos utilisateurs.<\/p><p><br \/>La collecte de donn\u00e9es s\u2019effectue de deux fa\u00e7ons\u00a0:<\/p><p>\u00a0<\/p><ol><li>L\u2019information est directement apport\u00e9e par l\u2019utilisateur. Ce sont par exemple les coordonn\u00e9es (pr\u00e9nom, nom, adresse mail, etc.) fournies pour demander un renseignement.<\/li><li>Les donn\u00e9es sont obtenues via l\u2019utilisation de nos services. Nous pouvons collecter des donn\u00e9es sur les services que vous utilisez et sur la fa\u00e7on dont vous les utilisez, par exemple lorsque vous visitez le site web de l\u2019un de nos produits, ou sur la fa\u00e7on dont vous interagissez avec nos contenus. Ces donn\u00e9es-l\u00e0 comprennent\u00a0:<\/li><\/ol><p>\u00a0<\/p><ul><li>Les donn\u00e9es d\u2019enregistrement\u00a0:\u00a0\u00c0 chacune de vos visites sur notre site, il est possible que nous obtenions et stockions automatiquement certains renseignements dans les registres du serveur. Ces renseignements sont enregistr\u00e9s dans un fichier d\u2019activit\u00e9 du serveur, d\u00fbment inscrit, qui permet de traiter ult\u00e9rieurement les donn\u00e9es afin d\u2019obtenir des mesures \u00e0 vis\u00e9es statistiques uniquement, lesquelles permettent de conna\u00eetre le nombre d\u2019impressions de pages, le nombre de visites re\u00e7ues par les services web, l\u2019ordre des visites, le point d\u2019acc\u00e8s, etc. Ces donn\u00e9es peuvent inclure\u00a0:<\/li><\/ul><p>\u00a0<\/p><p>Une information d\u00e9taill\u00e9e sur la fa\u00e7on dont vous utilisez notre service (par exemple, vos questions de recherche),<\/p><p>L\u2019adresse IP (une adresse IP est un num\u00e9ro automatiquement assign\u00e9 \u00e0 un ordinateur lorsqu\u2019il se connecte \u00e0 Internet),<\/p><p>Une information relative \u00e0 votre dispositif, comme, par exemple, des bugs, l\u2019activit\u00e9 du syst\u00e8me, les r\u00e9glages du mat\u00e9riel, la langue du navigateur, la date et l\u2019heure de votre demande, et l\u2019URL de r\u00e9f\u00e9rence,<\/p><p>\u00a0<\/p><ul><li>Cookies\u00a0et fichier d\u2019activit\u00e9 : afin de fournir des services de mesure, AC Marca peut utiliser des cookies lorsqu\u2019un utilisateur navigue sur ses sites Internet. Les cookies sont des fichiers envoy\u00e9s au navigateur par le biais d\u2019un serveur web afin d\u2019enregistrer les activit\u00e9s de l\u2019utilisateur au cours de sa navigation. Les caract\u00e9ristiques exprim\u00e9es dans notre <u>politique en mati\u00e8re de cookies<\/u> sont respect\u00e9es.<\/li><\/ul>\t\t\t\t\t\t<\/div>\n\t\t\t\t<\/div>\n\t\t\t\t<div class=\"elementor-element elementor-element-15e40631 elementor-widget elementor-widget-heading\" data-id=\"15e40631\" data-element_type=\"widget\" data-widget_type=\"heading.default\">\n\t\t\t\t<div class=\"elementor-widget-container\">\n\t\t\t<h2 class=\"elementor-heading-title elementor-size-default\">3. Finalit\u00e9 du traitement des donn\u00e9es<\/h2>\t\t<\/div>\n\t\t\t\t<\/div>\n\t\t\t\t<div class=\"elementor-element elementor-element-33982836 elementor-widget elementor-widget-text-editor\" data-id=\"33982836\" data-element_type=\"widget\" data-widget_type=\"text-editor.default\">\n\t\t\t\t<div class=\"elementor-widget-container\">\n\t\t\t\t\t\t\t<p>Les donn\u00e9es que nous collectons par le biais de nos services sont utilis\u00e9es pour fournir, maintenir, prot\u00e9ger et am\u00e9liorer ces services, pour d\u00e9velopper de nouveaux services et pour assurer la protection de nos utilisateurs et celle d\u2019AC Marca.<\/p><p>\u00a0<\/p><p>Conform\u00e9ment aux dispositions du RGPD, nous vous informons qu\u2019en cochant la case\u00a0 \u00ab\u00a0Acceptation des conditions l\u00e9gales\u00a0\u00bb, vous acceptez express\u00e9ment, librement et sans \u00e9quivoque que vos donn\u00e9es personnelles soient trait\u00e9es par AC Marca aux fins d\u00e9clar\u00e9es dans chaque cas, selon les diff\u00e9rents canaux de collecte de donn\u00e9es que nous utilisons. Ces finalit\u00e9s peuvent \u00eatre les suivantes\u00a0:<\/p><p>\u00a0<\/p><ol><li>La gestion de tirages au sort et de promotions pour chacun de nos produits.<\/li><li>L\u2019envoi de bulletins et de promotions comportant des publicit\u00e9s propres aux entreprises et aux marques de AC Marca.<\/li><li>L\u2019envoi des produits achet\u00e9s moyennant coupon, ainsi que l\u2019envoi des promotions affines.<\/li><li>La remise de communications commerciales publicitaires par courriel, fax, SMS, MMS, communaut\u00e9s sociales ou tout autre moyen \u00e9lectronique ou mat\u00e9riel, pr\u00e9sent ou futur, permettant d\u2019effectuer des communications. Ces communications commerciales seront en lien avec des produits ou des services offerts par AC Marca, ainsi que par une partie de ses collaborateurs ou partenaires avec lesquels AC Marca aurait pass\u00e9 un accord de promotion commerciale destin\u00e9 \u00e0 leurs clients.<ul><li>Des activit\u00e9s de publicit\u00e9 et de prospection commerciale relatives \u00e0 ses propres produits et services, effectu\u00e9es par diff\u00e9rents m\u00e9dias et canaux de communication.<\/li><li>Des activit\u00e9s de publicit\u00e9 et de prospection commerciale \u2013\u00a0effectu\u00e9es par diff\u00e9rents m\u00e9dias et canaux de communication\u00a0\u2013 relatives \u00e0 des produits et \u00e0 des services tiers de diff\u00e9rents secteurs d\u2019activit\u00e9, les donn\u00e9es personnelles pouvant \u00eatre c\u00e9d\u00e9es auxdits tiers.<\/li><\/ul><\/li><li>La r\u00e9alisation d\u2019\u00e9tudes statistiques.<\/li><li>Le traitement de commandes, de demandes ou de tout type de requ\u00eates effectu\u00e9es par l\u2019utilisateur au moyen de l\u2019un des modes de contact mis \u00e0 sa disposition sur le site web de la compagnie.<\/li><li>La remise du bulletin d\u2019actualit\u00e9s du site web.<\/li><li>L\u2019\u00e9laboration de profils \u00e0 des fins de publicit\u00e9 et de prospection commerciale.<\/li><\/ol>\t\t\t\t\t\t<\/div>\n\t\t\t\t<\/div>\n\t\t\t\t<div class=\"elementor-element elementor-element-e246927 elementor-widget elementor-widget-heading\" data-id=\"e246927\" data-element_type=\"widget\" data-widget_type=\"heading.default\">\n\t\t\t\t<div class=\"elementor-widget-container\">\n\t\t\t<h2 class=\"elementor-heading-title elementor-size-default\">4. Base l\u00e9gale du traitement des donn\u00e9es<\/h2>\t\t<\/div>\n\t\t\t\t<\/div>\n\t\t\t\t<div class=\"elementor-element elementor-element-6c3ee4bb elementor-widget elementor-widget-text-editor\" data-id=\"6c3ee4bb\" data-element_type=\"widget\" data-widget_type=\"text-editor.default\">\n\t\t\t\t<div class=\"elementor-widget-container\">\n\t\t\t\t\t\t\t<div><p class=\"Default\"><span lang=\"FR\">La base l\u00e9gale ou la lic\u00e9it\u00e9 du traitement de vos donn\u00e9es r\u00e9side dans le consentement expr\u00e8s que vous accordez \u00e0 AC Marca en vue des fins mentionn\u00e9es.<\/span><\/p><\/div>\t\t\t\t\t\t<\/div>\n\t\t\t\t<\/div>\n\t\t\t\t<div class=\"elementor-element elementor-element-1602315 elementor-widget elementor-widget-heading\" data-id=\"1602315\" data-element_type=\"widget\" data-widget_type=\"heading.default\">\n\t\t\t\t<div class=\"elementor-widget-container\">\n\t\t\t<h2 class=\"elementor-heading-title elementor-size-default\">5. Transfert de donn\u00e9es<\/h2>\t\t<\/div>\n\t\t\t\t<\/div>\n\t\t\t\t<div class=\"elementor-element elementor-element-4df4420 elementor-widget elementor-widget-text-editor\" data-id=\"4df4420\" data-element_type=\"widget\" data-widget_type=\"text-editor.default\">\n\t\t\t\t<div class=\"elementor-widget-container\">\n\t\t\t\t\t\t\t<div><p class=\"Default\"><span lang=\"FR\">Vos donn\u00e9es seront communiqu\u00e9es aux autres entreprises de AC Marca, et elles pourront \u00eatre c\u00e9d\u00e9s en cas d\u2019obligation l\u00e9gale.<\/span><\/p><\/div>\t\t\t\t\t\t<\/div>\n\t\t\t\t<\/div>\n\t\t\t\t<div class=\"elementor-element elementor-element-9da35c4 elementor-widget elementor-widget-heading\" data-id=\"9da35c4\" data-element_type=\"widget\" data-widget_type=\"heading.default\">\n\t\t\t\t<div class=\"elementor-widget-container\">\n\t\t\t<h2 class=\"elementor-heading-title elementor-size-default\">6. D\u00e9lai de conservation des donn\u00e9es<\/h2>\t\t<\/div>\n\t\t\t\t<\/div>\n\t\t\t\t<div class=\"elementor-element elementor-element-83ce047 elementor-widget elementor-widget-text-editor\" data-id=\"83ce047\" data-element_type=\"widget\" data-widget_type=\"text-editor.default\">\n\t\t\t\t<div class=\"elementor-widget-container\">\n\t\t\t\t\t\t\t<p>Vos donn\u00e9es seront conserv\u00e9es pendant tout le temps que dure la finalit\u00e9 pour laquelle elles ont \u00e9t\u00e9 collect\u00e9es, le principe de limitation de la conservation des donn\u00e9es \u00e9tant \u00e0 tout moment respect\u00e9, ou encore jusqu&rsquo;\u00e0 ce que vous en demandiez la suppression, et ce pendant le temps n\u00e9cessaire pour respecter les obligations l\u00e9gales.<\/p>\t\t\t\t\t\t<\/div>\n\t\t\t\t<\/div>\n\t\t\t\t<div class=\"elementor-element elementor-element-c149033 elementor-widget elementor-widget-heading\" data-id=\"c149033\" data-element_type=\"widget\" data-widget_type=\"heading.default\">\n\t\t\t\t<div class=\"elementor-widget-container\">\n\t\t\t<h2 class=\"elementor-heading-title elementor-size-default\">7. Mesures de s\u00e9curit\u00e9 et contr\u00f4les des acc\u00e8s <\/h2>\t\t<\/div>\n\t\t\t\t<\/div>\n\t\t\t\t<div class=\"elementor-element elementor-element-ff92bb7 elementor-widget elementor-widget-text-editor\" data-id=\"ff92bb7\" data-element_type=\"widget\" data-widget_type=\"text-editor.default\">\n\t\t\t\t<div class=\"elementor-widget-container\">\n\t\t\t\t\t\t\t<p>AC Marca a adopt\u00e9 toutes les mesures techniques et organisationnelles n\u00e9cessaires pour garantir la s\u00e9curit\u00e9 et l\u2019int\u00e9grit\u00e9 des donn\u00e9es \u00e0 caract\u00e8re personnel qu\u2019elle traite, ainsi que pour \u00e9viter qu\u2019elles soient perdues, falsifi\u00e9s et\/ou que des tiers non autoris\u00e9s y aient acc\u00e8s.<\/p><p>\u00a0<\/p><p>Le site web emploie des techniques de s\u00e9curit\u00e9 de l\u2019information g\u00e9n\u00e9ralement adopt\u00e9es dans le secteur, telles que des pare-feu, des proc\u00e9dures de contr\u00f4le d\u2019acc\u00e8s et des m\u00e9canismes cryptographiques, afin d\u2019emp\u00eacher tout acc\u00e8s non autoris\u00e9 aux donn\u00e9es.<\/p><p>\u00a0<\/p><p>Pour la r\u00e9alisation de ces objectifs, l&rsquo;utilisateur\/le client accepte que AC Marca obtienne des donn\u00e9es aux fins de l&rsquo;authentification des contr\u00f4les d&rsquo;acc\u00e8s.<\/p>\t\t\t\t\t\t<\/div>\n\t\t\t\t<\/div>\n\t\t\t\t<div class=\"elementor-element elementor-element-3f7cb9b elementor-widget elementor-widget-heading\" data-id=\"3f7cb9b\" data-element_type=\"widget\" data-widget_type=\"heading.default\">\n\t\t\t\t<div class=\"elementor-widget-container\">\n\t\t\t<h2 class=\"elementor-heading-title elementor-size-default\">8. Vos droits<\/h2>\t\t<\/div>\n\t\t\t\t<\/div>\n\t\t\t\t<div class=\"elementor-element elementor-element-08b5686 elementor-widget elementor-widget-text-editor\" data-id=\"08b5686\" data-element_type=\"widget\" data-widget_type=\"text-editor.default\">\n\t\t\t\t<div class=\"elementor-widget-container\">\n\t\t\t\t\t\t\t<div><p class=\"Default\"><span lang=\"FR\">Vous avez le droit d\u2019obtenir confirmation sur si AC Marca traite ou non des donn\u00e9es personnelles vous concernant.<\/span><\/p><\/div><div><p class=\"Default\"><span lang=\"FR\">\u00a0<\/span><\/p><\/div><div><p class=\"Default\"><span lang=\"FR\">Vous avez, de m\u00eame, le droit d\u2019acc\u00e9der \u00e0 vos donn\u00e9es personnelles, \u00e0 demander que soit rectifi\u00e9es les donn\u00e9es inexactes ou, le cas \u00e9ch\u00e9ant, \u00e0 demander \u00e0 ce qu\u2019elles soient supprim\u00e9es lorsque, entre autres raisons, les donn\u00e9es ne sont plus n\u00e9cessaires aux fins pour lesquelles elles ont \u00e9t\u00e9 collect\u00e9es.<\/span><\/p><\/div><div><p class=\"Default\"><span lang=\"FR\">Dans certaines circonstances, vous pouvez demander \u00e0 ce que le traitement de vos donn\u00e9es soit limit\u00e9, auquel cas nous ne les conserverons que pour exercer une r\u00e9clamation ou nous en d\u00e9fendre.<\/span><\/p><\/div><div><p class=\"Default\"><span lang=\"FR\">\u00a0<\/span><\/p><\/div><div><p class=\"Default\"><span lang=\"FR\">Dans certaines circonstances et pour des raisons li\u00e9es \u00e0 votre situation particuli\u00e8re, vous pouvez vous opposer au traitement de vos donn\u00e9es. AC Marca cessera de traiter vos donn\u00e9es, sauf en cas de motif l\u00e9gitime et imp\u00e9rieux ou pour exercer une \u00e9ventuelle r\u00e9clamation ou nous en d\u00e9fendre.<\/span><\/p><\/div><div><p class=\"Default\"><span lang=\"FR\">\u00a0<\/span><\/p><\/div><div><p class=\"Default\"><span lang=\"FR\">Vous pouvez \u00e9galement exercer le droit \u00e0 la portabilit\u00e9 de vos donn\u00e9es, ainsi que, \u00e0 tout moment, retirer les consentements fournis, sans que cela ne compromette la lic\u00e9it\u00e9 du traitement de vos donn\u00e9es, fond\u00e9e sur le consentement que vous aviez donn\u00e9 avant de le retirer.<\/span><\/p><\/div><div><p class=\"Default\"><span lang=\"FR\">\u00a0<\/span><\/p><\/div><div><p class=\"Default\"><span lang=\"FR\">Si vous souhaitez faire usage de l&rsquo;un ou l\u2019autre de vos droits, vous pouvez contacter le d\u00e9l\u00e9gu\u00e9 \u00e0 la protection des donn\u00e9es de l&rsquo;entreprise par courrier \u00e9lectronique \u00e0 l&rsquo;adresse suivante\u00a0: <\/span><a href=\"mailto:dpo@acmarca.com\"><span lang=\"FR\">dpo@acmarca.com<\/span><\/a><span lang=\"FR\">. <\/span><\/p><\/div><div><p class=\"Default\"><span lang=\"FR\">\u00a0<\/span><\/p><\/div><div><p class=\"Default\"><span lang=\"FR\">Veuillez joindre \u00e0 votre requ\u00eate les renseignements suivants\u00a0: pr\u00e9nom et nom, adresse \u00a0du courrier \u00e9lectronique que vous employez pour le compte ou le portail concern\u00e9 par votre requ\u00eate.<\/span><\/p><\/div>\t\t\t\t\t\t<\/div>\n\t\t\t\t<\/div>\n\t\t\t\t<div class=\"elementor-element elementor-element-a4406a0 elementor-widget elementor-widget-heading\" data-id=\"a4406a0\" data-element_type=\"widget\" data-widget_type=\"heading.default\">\n\t\t\t\t<div class=\"elementor-widget-container\">\n\t\t\t<h2 class=\"elementor-heading-title elementor-size-default\">9. Utilisateurs mineurs<\/h2>\t\t<\/div>\n\t\t\t\t<\/div>\n\t\t\t\t<div class=\"elementor-element elementor-element-d6824e3 elementor-widget elementor-widget-text-editor\" data-id=\"d6824e3\" data-element_type=\"widget\" data-widget_type=\"text-editor.default\">\n\t\t\t\t<div class=\"elementor-widget-container\">\n\t\t\t\t\t\t\t<p>AC Marca d\u00e9cline toute responsabilit\u00e9 si des mineurs ont envoy\u00e9 des donn\u00e9es personnelles via le pr\u00e9sent site. En effet, ses formulaires ne s\u2019adressent pas \u00e0 des mineurs.<\/p><p>\u00a0<\/p><p>Les tuteurs l\u00e9gaux du mineur peuvent exercer le droit d&rsquo;acc\u00e8s, de rectification et d&rsquo;annulation des donn\u00e9es en envoyant une demande \u00e9crite et sign\u00e9e au d\u00e9l\u00e9gu\u00e9 \u00e0 la protection des donn\u00e9es de l&rsquo;entreprise, indiquant nom, pr\u00e9nom et carte nationale d\u2019identit\u00e9 et des instructions pr\u00e9cises \u00e0 l\u2019adresse de courrier \u00e9lectronique suivante\u00a0: <a href=\"mailto:dpo@acmarca.com\">dpo@acmarca.com<\/a>.<\/p><p>\u00a0<\/p><p>Nous vous informons par ailleurs que vous pouvez contacter l&rsquo;Agence espagnole de protection des donn\u00e9es pour toute r\u00e9clamation relative au traitement de vos donn\u00e9es personnelles<\/p>\t\t\t\t\t\t<\/div>\n\t\t\t\t<\/div>\n\t\t\t\t<div class=\"elementor-element elementor-element-f319510 elementor-widget elementor-widget-heading\" data-id=\"f319510\" data-element_type=\"widget\" data-widget_type=\"heading.default\">\n\t\t\t\t<div class=\"elementor-widget-container\">\n\t\t\t<h2 class=\"elementor-heading-title elementor-size-default\">10. Engagement d\u2019AC Marca<\/h2>\t\t<\/div>\n\t\t\t\t<\/div>\n\t\t\t\t<div class=\"elementor-element elementor-element-e028935 elementor-widget elementor-widget-text-editor\" data-id=\"e028935\" data-element_type=\"widget\" data-widget_type=\"text-editor.default\">\n\t\t\t\t<div class=\"elementor-widget-container\">\n\t\t\t\t\t\t\t<p>Les donn\u00e9es demand\u00e9es par le biais de notre site web sont toutes indispensables, car elles sont n\u00e9cessaires pour que nous puissions fournir un service optimal \u00e0 l\u2019utilisateur. Dans le cas o\u00f9 toutes les donn\u00e9es demand\u00e9es ne seraient pas fournies, AC Marca ne garantit pas que les informations et les services fournis seront totalement adapt\u00e9s \u00e0 vos besoins.<\/p><p>\u00a0<\/p><p>Notre politique de confidentialit\u00e9 peut \u00eatre modifi\u00e9e \u00e0 tout moment. Nous ne limiterons pas les droits octroy\u00e9s aux utilisateurs en vertu de la pr\u00e9sente politique de confidentialit\u00e9 sans leur consentement explicite.<\/p><p>\u00a0<\/p><p>Nous publierons toutes les modifications apport\u00e9es \u00e0 la pr\u00e9sente politique de confidentialit\u00e9 sur le pr\u00e9sent site. Si elles sont substantielles, nous les notifierons de fa\u00e7on plus marquante (nous enverrons par exemple une notification par courriel si la modification affecte certains services). En outre, nous archiverons les versions pr\u00e9c\u00e9dentes de cette politique de confidentialit\u00e9 pour que vous puissiez les consulter.<\/p><p>\u00a0<\/p>\t\t\t\t\t\t<\/div>\n\t\t\t\t<\/div>\n\t\t\t\t\t<\/div>\n\t\t<\/div>\n\t\t\t\t\t\t\t<\/div>\n\t\t<\/section>\n\t\t\t\t\t\t\t<\/div>\n\t\t","protected":false},"excerpt":{"rendered":"<p>Politique de confidentialit\u00e9 AC Marca souhaite \u00eatre \u00e0 vos c\u00f4t\u00e9s dans votre vie quotidienne, r\u00e9pondre \u00e0 vos demandes et m\u00eame les anticiper afin d\u2019am\u00e9liorer votre qualit\u00e9 de vie par nos produits et par nos services. \u00a0 Notre politique de confidentialit\u00e9 t\u00e9moigne de notre engagement envers la protection des donn\u00e9es personnelles de nos utilisateurs. Nous nous&hellip;<\/p>\n","protected":false},"author":1746,"featured_media":0,"parent":0,"menu_order":0,"comment_status":"closed","ping_status":"closed","template":"","meta":{"footnotes":""},"acf":[],"yoast_head":"<!-- This site is optimized with the Yoast SEO plugin v21.4 - https:\/\/yoast.com\/wordpress\/plugins\/seo\/ -->\n<title>Politique de confidentialit\u00e9 - Sanytol<\/title>\n<meta name=\"robots\" content=\"index, follow, max-snippet:-1, max-image-preview:large, max-video-preview:-1\" \/>\n<link rel=\"canonical\" href=\"https:\/\/sanytol.be\/fr\/politique-de-confidentialite\/\" \/>\n<meta property=\"og:locale\" content=\"fr_FR\" \/>\n<meta property=\"og:type\" content=\"article\" \/>\n<meta property=\"og:title\" content=\"Politique de confidentialit\u00e9 - Sanytol\" \/>\n<meta property=\"og:description\" content=\"Politique de confidentialit\u00e9 AC Marca souhaite \u00eatre \u00e0 vos c\u00f4t\u00e9s dans votre vie quotidienne, r\u00e9pondre \u00e0 vos demandes et m\u00eame les anticiper afin d\u2019am\u00e9liorer votre qualit\u00e9 de vie par nos produits et par nos services. \u00a0 Notre politique de confidentialit\u00e9 t\u00e9moigne de notre engagement envers la protection des donn\u00e9es personnelles de nos utilisateurs. Nous nous&hellip;\" \/>\n<meta property=\"og:url\" content=\"https:\/\/sanytol.be\/fr\/politique-de-confidentialite\/\" \/>\n<meta property=\"og:site_name\" content=\"Sanytol\" \/>\n<meta property=\"article:modified_time\" content=\"2021-09-01T10:07:22+00:00\" \/>\n<meta property=\"og:image\" content=\"https:\/\/sanytol.be\/fr\/wp-content\/uploads\/sites\/6\/2020\/09\/privacy.jpg\" \/>\n<meta name=\"twitter:card\" content=\"summary_large_image\" \/>\n<meta name=\"twitter:label1\" content=\"Dur\u00e9e de lecture estim\u00e9e\" \/>\n\t<meta name=\"twitter:data1\" content=\"8 minutes\" \/>\n<script type=\"application\/ld+json\" class=\"yoast-schema-graph\">{\"@context\":\"https:\/\/schema.org\",\"@graph\":[{\"@type\":\"WebPage\",\"@id\":\"https:\/\/sanytol.be\/fr\/politique-de-confidentialite\/\",\"url\":\"https:\/\/sanytol.be\/fr\/politique-de-confidentialite\/\",\"name\":\"Politique de confidentialit\u00e9 - Sanytol\",\"isPartOf\":{\"@id\":\"https:\/\/sanytol.be\/fr\/#website\"},\"datePublished\":\"2020-09-24T15:05:39+00:00\",\"dateModified\":\"2021-09-01T10:07:22+00:00\",\"breadcrumb\":{\"@id\":\"https:\/\/sanytol.be\/fr\/politique-de-confidentialite\/#breadcrumb\"},\"inLanguage\":\"fr-FR\",\"potentialAction\":[{\"@type\":\"ReadAction\",\"target\":[\"https:\/\/sanytol.be\/fr\/politique-de-confidentialite\/\"]}]},{\"@type\":\"BreadcrumbList\",\"@id\":\"https:\/\/sanytol.be\/fr\/politique-de-confidentialite\/#breadcrumb\",\"itemListElement\":[{\"@type\":\"ListItem\",\"position\":1,\"name\":\"Home\",\"item\":\"https:\/\/sanytol.be\/fr\/\"},{\"@type\":\"ListItem\",\"position\":2,\"name\":\"Politique de confidentialit\u00e9\"}]},{\"@type\":\"WebSite\",\"@id\":\"https:\/\/sanytol.be\/fr\/#website\",\"url\":\"https:\/\/sanytol.be\/fr\/\",\"name\":\"Sanytol\",\"description\":\"\",\"potentialAction\":[{\"@type\":\"SearchAction\",\"target\":{\"@type\":\"EntryPoint\",\"urlTemplate\":\"https:\/\/sanytol.be\/fr\/?s={search_term_string}\"},\"query-input\":\"required name=search_term_string\"}],\"inLanguage\":\"fr-FR\"}]}<\/script>\n<!-- \/ Yoast SEO plugin. -->","yoast_head_json":{"title":"Politique de confidentialit\u00e9 - Sanytol","robots":{"index":"index","follow":"follow","max-snippet":"max-snippet:-1","max-image-preview":"max-image-preview:large","max-video-preview":"max-video-preview:-1"},"canonical":"https:\/\/sanytol.be\/fr\/politique-de-confidentialite\/","og_locale":"fr_FR","og_type":"article","og_title":"Politique de confidentialit\u00e9 - Sanytol","og_description":"Politique de confidentialit\u00e9 AC Marca souhaite \u00eatre \u00e0 vos c\u00f4t\u00e9s dans votre vie quotidienne, r\u00e9pondre \u00e0 vos demandes et m\u00eame les anticiper afin d\u2019am\u00e9liorer votre qualit\u00e9 de vie par nos produits et par nos services. \u00a0 Notre politique de confidentialit\u00e9 t\u00e9moigne de notre engagement envers la protection des donn\u00e9es personnelles de nos utilisateurs. Nous nous&hellip;","og_url":"https:\/\/sanytol.be\/fr\/politique-de-confidentialite\/","og_site_name":"Sanytol","article_modified_time":"2021-09-01T10:07:22+00:00","og_image":[{"url":"https:\/\/sanytol.be\/fr\/wp-content\/uploads\/sites\/6\/2020\/09\/privacy.jpg"}],"twitter_card":"summary_large_image","twitter_misc":{"Dur\u00e9e de lecture estim\u00e9e":"8 minutes"},"schema":{"@context":"https:\/\/schema.org","@graph":[{"@type":"WebPage","@id":"https:\/\/sanytol.be\/fr\/politique-de-confidentialite\/","url":"https:\/\/sanytol.be\/fr\/politique-de-confidentialite\/","name":"Politique de confidentialit\u00e9 - Sanytol","isPartOf":{"@id":"https:\/\/sanytol.be\/fr\/#website"},"datePublished":"2020-09-24T15:05:39+00:00","dateModified":"2021-09-01T10:07:22+00:00","breadcrumb":{"@id":"https:\/\/sanytol.be\/fr\/politique-de-confidentialite\/#breadcrumb"},"inLanguage":"fr-FR","potentialAction":[{"@type":"ReadAction","target":["https:\/\/sanytol.be\/fr\/politique-de-confidentialite\/"]}]},{"@type":"BreadcrumbList","@id":"https:\/\/sanytol.be\/fr\/politique-de-confidentialite\/#breadcrumb","itemListElement":[{"@type":"ListItem","position":1,"name":"Home","item":"https:\/\/sanytol.be\/fr\/"},{"@type":"ListItem","position":2,"name":"Politique de confidentialit\u00e9"}]},{"@type":"WebSite","@id":"https:\/\/sanytol.be\/fr\/#website","url":"https:\/\/sanytol.be\/fr\/","name":"Sanytol","description":"","potentialAction":[{"@type":"SearchAction","target":{"@type":"EntryPoint","urlTemplate":"https:\/\/sanytol.be\/fr\/?s={search_term_string}"},"query-input":"required name=search_term_string"}],"inLanguage":"fr-FR"}]}},"_links":{"self":[{"href":"https:\/\/sanytol.be\/fr\/wp-json\/wp\/v2\/pages\/5066"}],"collection":[{"href":"https:\/\/sanytol.be\/fr\/wp-json\/wp\/v2\/pages"}],"about":[{"href":"https:\/\/sanytol.be\/fr\/wp-json\/wp\/v2\/types\/page"}],"author":[{"embeddable":true,"href":"https:\/\/sanytol.be\/fr\/wp-json\/wp\/v2\/users\/1746"}],"replies":[{"embeddable":true,"href":"https:\/\/sanytol.be\/fr\/wp-json\/wp\/v2\/comments?post=5066"}],"version-history":[{"count":22,"href":"https:\/\/sanytol.be\/fr\/wp-json\/wp\/v2\/pages\/5066\/revisions"}],"predecessor-version":[{"id":8515,"href":"https:\/\/sanytol.be\/fr\/wp-json\/wp\/v2\/pages\/5066\/revisions\/8515"}],"wp:attachment":[{"href":"https:\/\/sanytol.be\/fr\/wp-json\/wp\/v2\/media?parent=5066"}],"curies":[{"name":"wp","href":"https:\/\/api.w.org\/{rel}","templated":true}]}}